{"id":354,"date":"2019-07-15T10:23:55","date_gmt":"2019-07-15T10:23:55","guid":{"rendered":"http:\/\/demo.motothemes.co\/netw13\/landscape-design-service\/?page_id=7"},"modified":"2025-10-09T14:51:50","modified_gmt":"2025-10-09T19:51:50","slug":"about-us-2","status":"publish","type":"page","link":"https:\/\/fundacionedgarnumaelcasas.org\/index.php\/about-us-2\/","title":{"rendered":"QUIENES SOMOS"},"content":{"rendered":"<section class=\"wpb-content-wrapper\"><p>[vc_row][vc_column]<section class=\"motov4_fancy_heading text-center no_border motov4_69f1af05be390\"><h2><span>QUIENES<\/span> SOMOS<\/h2><\/section><div class=\"motov4_spacer_69f1af05be3c7\"><\/div>[vc_row_inner][vc_column_inner width=&#8221;1\/2&#8243;][vc_single_image image=&#8221;490&#8243; img_size=&#8221;full&#8221; alignment=&#8221;center&#8221; onclick=&#8221;zoom&#8221; css_animation=&#8221;zoomIn&#8221;]<section class=\"motov4_fancy_heading text-left no_border motov4_69f1af05be3d7\"><h2>MISION<\/h2><\/section><div class=\"motov4_spacer_69f1af05be3e9\"><\/div>[vc_column_text]<\/p>\n<p style=\"color: #999;\">Fortalecer y articular voluntades de comunidades, autoridades y organizaciones sociales para generar tejido comunitario a trav\u00e9s de la transformaci\u00f3n social y recuperaci\u00f3n del medio ambiente, en el municipio de La Mesa y la regi\u00f3n del Tequendama.<\/p>\n<p>[\/vc_column_text]<div class=\"motov4_spacer_69f1af05be3ef\"><\/div>[\/vc_column_inner][vc_column_inner width=&#8221;1\/2&#8243;][vc_single_image image=&#8221;491&#8243; img_size=&#8221;full&#8221; alignment=&#8221;center&#8221; onclick=&#8221;zoom&#8221; css_animation=&#8221;zoomIn&#8221;]<section class=\"motov4_fancy_heading text-left no_border motov4_69f1af05be3fb\"><h2>VISION<\/h2><\/section><div class=\"motov4_spacer_69f1af05be409\"><\/div>[vc_column_text]<\/p>\n<p style=\"color: #999;\">Para el 2030, la Fundaci\u00f3n Edgar Numael Casas ser\u00e1 reconocida como referente regional en procesos de participaci\u00f3n comunitaria, cultura ambiental, seguridad ciudadana y apoyo social, logrando impacto sostenible y ambiental en la calidad de vida de las comunidades.<\/p>\n<p>[\/vc_column_text]<div class=\"motov4_spacer_69f1af05be40e\"><\/div>[\/vc_column_inner][\/vc_row_inner][vc_row_inner][vc_column_inner width=&#8221;1\/2&#8243;][vc_single_image image=&#8221;488&#8243; img_size=&#8221;full&#8221; alignment=&#8221;center&#8221; onclick=&#8221;zoom&#8221; css_animation=&#8221;zoomIn&#8221;]<section class=\"motov4_fancy_heading text-left no_border motov4_69f1af05be41a\"><h2>OBJETO SOCIAL<\/h2><\/section><div class=\"motov4_spacer_69f1af05be427\"><\/div>[vc_column_text]<\/p>\n<p style=\"color: #999;\">Promover el desarrollo socio ambiental de la regi\u00f3n a trav\u00e9s de programas de apoyo a comunidades, fortalecimiento de la participaci\u00f3n ciudadana, seguridad y cultura ambiental.<\/p>\n<p>[\/vc_column_text]<div class=\"motov4_spacer_69f1af05be42c\"><\/div>[\/vc_column_inner][vc_column_inner width=&#8221;1\/2&#8243;][vc_single_image image=&#8221;493&#8243; img_size=&#8221;full&#8221; alignment=&#8221;center&#8221; onclick=&#8221;zoom&#8221; css_animation=&#8221;zoomIn&#8221;]<section class=\"motov4_fancy_heading text-left no_border motov4_69f1af05be448\"><h2><\/p>\n<p><center>NUESTROS VALORES<\/center><\/h2><\/section><div class=\"motov4_spacer_69f1af05be456\"><\/div>[vc_column_text]<\/p>\n<p style=\"color: #999999; text-align: left;\">SOLIDARIDAD\u00a0 \u00a0 \u00a0 &#8211;\u00a0 \u00a0 \u00a0 TRANSPARENCIA\u00a0 \u00a0 \u00a0&#8211;\u00a0 \u00a0 \u00a0COMPROMISO COMUNITARIO<\/p>\n<p style=\"color: #999999; text-align: left;\">RESPETO POR LA VIDA Y EL MEDIO AMBIENTE\u00a0 \u00a0 \u00a0&#8211;\u00a0 \u00a0 \u00a0TRABAJO EN EQUIPO<\/p>\n<p>[\/vc_column_text]<div class=\"motov4_spacer_69f1af05be45a\"><\/div>[\/vc_column_inner][\/vc_row_inner][\/vc_column][\/vc_row][vc_row][vc_column]<div class=\"motov4_spacer_69f1af05be45f\"><\/div><section class=\"motov4_fancy_heading text-center no_border motov4_69f1af05be46a\"><h2><span>NUESTRO<\/span> GRUPO DE TRABAJO<\/h2><\/section><div class=\"motov4_spacer_69f1af05be479\"><\/div><div class=\"motov4_team_69f1af05be48c row\"><div class=\"col-sm-6 col-lg-4 col-md-4\">\r\n\t\t\t\t<div class=\"motov4_member_69f1af05be501 motov4_team_section\">\r\n\t\t\t\t\t<div class=\"motov4_team_img\"><img decoding=\"async\" src=\"https:\/\/fundacionedgarnumaelcasas.org\/wp-content\/uploads\/2025\/10\/gregory-hayes-h5cd51KXmRQ-unsplash-378x452.jpg\" alt=\"Edgar Numael Casas\" class=\"img-fluid\"><\/div>\r\n\t\t\t\t\t<div class=\"motov4_team_text\"><h3 class=\"motov4_tem_mem\">Edgar Numael Casas<\/h3>\r\n\t\t\t\t\t\t\t\t<h4 class=\"motov4_tem_desig\">Presidente<\/h4><\/div><\/div>\r\n\t\t\t<\/div><div class=\"col-sm-6 col-lg-4 col-md-4\">\r\n\t\t\t\t<div class=\"motov4_member_69f1af05be81c motov4_team_section\">\r\n\t\t\t\t\t<div class=\"motov4_team_img\"><img decoding=\"async\" src=\"https:\/\/fundacionedgarnumaelcasas.org\/wp-content\/uploads\/2019\/07\/lds-img1.1.jpg\" alt=\"Kenny Wilson\" class=\"img-fluid\"><\/div>\r\n\t\t\t\t\t<div class=\"motov4_team_text\"><h3 class=\"motov4_tem_mem\">Kenny Wilson<\/h3>\r\n\t\t\t\t\t\t\t\t<h4 class=\"motov4_tem_desig\">Support Staff<\/h4><\/div><\/div>\r\n\t\t\t<\/div><div class=\"col-sm-6 col-lg-4 col-md-4\">\r\n\t\t\t\t<div class=\"motov4_member_69f1af05be9fc motov4_team_section\">\r\n\t\t\t\t\t<div class=\"motov4_team_img\"><img decoding=\"async\" src=\"https:\/\/fundacionedgarnumaelcasas.org\/wp-content\/uploads\/2019\/07\/lds-img1.2.jpg\" alt=\"JAMES JOHNSON\" class=\"img-fluid\"><\/div>\r\n\t\t\t\t\t<div class=\"motov4_team_text\"><h3 class=\"motov4_tem_mem\">JAMES JOHNSON<\/h3>\r\n\t\t\t\t\t\t\t\t<h4 class=\"motov4_tem_desig\">Support Staff<\/h4><\/div><\/div>\r\n\t\t\t<\/div><\/div>[\/vc_column][\/vc_row]<\/p>\n<\/section>","protected":false},"excerpt":{"rendered":"<p>[vc_row][vc_column][vc_row_inner][vc_column_inner width=&#8221;1\/2&#8243;][vc_single_image image=&#8221;490&#8243; img_size=&#8221;full&#8221; alignment=&#8221;center&#8221; onclick=&#8221;zoom&#8221; css_animation=&#8221;zoomIn&#8221;][vc_column_text] Fortalecer y articular voluntades de comunidades, autoridades y organizaciones sociales para generar tejido.<\/p>\n","protected":false},"author":1,"featured_media":0,"parent":0,"menu_order":0,"comment_status":"closed","ping_status":"closed","template":"","meta":{"footnotes":""},"class_list":["post-354","page","type-page","status-publish","hentry"],"_links":{"self":[{"href":"https:\/\/fundacionedgarnumaelcasas.org\/index.php\/wp-json\/wp\/v2\/pages\/354","targetHints":{"allow":["GET"]}}],"collection":[{"href":"https:\/\/fundacionedgarnumaelcasas.org\/index.php\/wp-json\/wp\/v2\/pages"}],"about":[{"href":"https:\/\/fundacionedgarnumaelcasas.org\/index.php\/wp-json\/wp\/v2\/types\/page"}],"author":[{"embeddable":true,"href":"https:\/\/fundacionedgarnumaelcasas.org\/index.php\/wp-json\/wp\/v2\/users\/1"}],"replies":[{"embeddable":true,"href":"https:\/\/fundacionedgarnumaelcasas.org\/index.php\/wp-json\/wp\/v2\/comments?post=354"}],"version-history":[{"count":14,"href":"https:\/\/fundacionedgarnumaelcasas.org\/index.php\/wp-json\/wp\/v2\/pages\/354\/revisions"}],"predecessor-version":[{"id":494,"href":"https:\/\/fundacionedgarnumaelcasas.org\/index.php\/wp-json\/wp\/v2\/pages\/354\/revisions\/494"}],"wp:attachment":[{"href":"https:\/\/fundacionedgarnumaelcasas.org\/index.php\/wp-json\/wp\/v2\/media?parent=354"}],"curies":[{"name":"wp","href":"https:\/\/api.w.org\/{rel}","templated":true}]}}